{"id":46369,"date":"2024-12-12T11:14:23","date_gmt":"2024-12-12T10:14:23","guid":{"rendered":"https:\/\/stage.woods.se\/?post_type=product&#038;p=46369"},"modified":"2025-09-14T19:11:24","modified_gmt":"2025-09-14T17:11:24","slug":"woods-ac-cortina-12k-duo","status":"publish","type":"product","link":"https:\/\/woods.se\/sv\/produkter\/luftkonditionering\/for-vardagsrum-och-lagenheter\/woods-ac-cortina-12k-duo\/","title":{"rendered":"Wood\u2019s AC Cortina 12K Duo"},"content":{"rendered":"<h2>Wood&#8217;s AC Cortina 12K Duo<\/h2>\n<h3>Portabel AC och v\u00e4rmare f\u00f6r \u00e5ret runt-komfort<\/h3>\n<p>Wood\u2019s AC Cortina 12K Duo \u00e4r en m\u00e5ngsidig och kraftfull l\u00f6sning f\u00f6r inomhusklimat, utvecklad f\u00f6r att anv\u00e4ndas \u00e5ret runt. Den kyler lika effektivt som den v\u00e4rmer, vilket g\u00f6r den till ett flexibelt val f\u00f6r b\u00e5de hem och kontor. Med en kylkapacitet p\u00e5 12 000 BTU (3,5 kW) och en v\u00e4rmekapacitet p\u00e5 3000 W \u00e4r den idealisk f\u00f6r rum upp till 35 m\u00b2.<\/p>\n<h3>Viktiga egenskaper:<\/h3>\n\n<h3>Effektiv komfort \u00e5ret runt<\/h3>\n<p><strong>Sovrum:<\/strong> Kyler svalt p\u00e5 sommaren och v\u00e4rmer behagligt p\u00e5 vintern \u2013 alltid r\u00e4tt temperatur f\u00f6r en god natts s\u00f6mn.<br \/>\n<strong>Barnrum:<\/strong> Skapar en trygg och stabil inomhusmilj\u00f6 oavsett \u00e5rstid.<br \/>\n<strong>Vardagsrum: <\/strong>Ger svalka under heta sommardagar och v\u00e4rme under kyliga kv\u00e4llar.<br \/>\n<strong>Kontor: <\/strong>G\u00f6r arbetsmilj\u00f6n bekv\u00e4m och produktiv \u00e5ret runt.<\/p>\n<h3>Tyst och energieffektiv<\/h3>\n<p>Trots sin starka prestanda har Wood\u2019s AC Cortina 12K Duo en l\u00e5g ljudniv\u00e5 p\u00e5 endast 53,5 dB och energiklass A. Den klarar \u00e4ven drift i h\u00f6ga temperaturer upp till 43\u00b0C, vilket g\u00f6r den p\u00e5litlig \u00e4ven under extrem sommarv\u00e4rme.<\/p>\n<h3>Smidig och anv\u00e4ndarv\u00e4nlig<\/h3>\n<p>TAC Cortina 12K Duo levereras med digital touch-panel, tv\u00e4ttbart filter, fj\u00e4rrkontroll och komplett f\u00f6nsterkit f\u00f6r enkel installation. Tack vare de smidiga hjulen kan du l\u00e4tt flytta enheten dit den beh\u00f6vs. Vid registrering f\u00f6rl\u00e4ngs garantin fr\u00e5n 2 till 3 \u00e5r.<\/p>\n<p>V\u00e4lj Wood\u2019s AC Cortina 12K Duo f\u00f6r ett flexibelt och behagligt inomhusklimat \u2013 \u00e5ret runt.<\/p>\n<p>&nbsp;<\/p>\n","protected":false},"excerpt":{"rendered":"<p>Wood\u2019s AC Cortina 12K Duo \u00e4r en portabel luftkonditionering och v\u00e4rmare i ett \u2013 perfekt att anv\u00e4nda \u00e5ret runt. Den har en kylkapacitet p\u00e5 12 000 BTU (3,5 kW) och en v\u00e4rmekapacitet p\u00e5 3000 W, vilket g\u00f6r den idealisk f\u00f6r rum upp till 35 m\u00b2. Med tre fl\u00e4ktl\u00e4gen, ett luftfl\u00f6de p\u00e5 420 m\u00b3\/h och en l\u00e5g ljudniv\u00e5 p\u00e5 endast 53,5 dB f\u00e5r du ett behagligt inomhusklimat i b\u00e5de hem och kontor. Enkel att styra via digital touch-panel eller fj\u00e4rrkontroll.<\/p>\n","protected":false},"featured_media":45848,"template":"","meta":{"_acf_changed":false},"product_brand":[],"product_cat":[4898,4888,4885,334],"product_tag":[2747,369,3074,3057,3073],"class_list":{"0":"post-46369","1":"product","2":"type-product","3":"status-publish","4":"has-post-thumbnail","6":"product_cat-foer-kontor","7":"product_cat-for-sovrum","8":"product_cat-for-vardagsrum-och-lagenheter","9":"product_cat-luftkonditionering","10":"product_tag-35-m-sv","11":"product_tag-duo-sv","12":"product_tag-portabel-ac-for-kontor","13":"product_tag-portabel-ac-for-sovrum","14":"product_tag-portabel-ac-for-vardagsrum","15":"splide__slide","17":"first","18":"outofstock","19":"taxable","20":"shipping-taxable","21":"product-type-simple"},"acf":[],"_links":{"self":[{"href":"https:\/\/woods.se\/sv\/wp-json\/wp\/v2\/product\/46369","targetHints":{"allow":["GET"]}}],"collection":[{"href":"https:\/\/woods.se\/sv\/wp-json\/wp\/v2\/product"}],"about":[{"href":"https:\/\/woods.se\/sv\/wp-json\/wp\/v2\/types\/product"}],"wp:featuredmedia":[{"embeddable":true,"href":"https:\/\/woods.se\/sv\/wp-json\/wp\/v2\/media\/45848"}],"wp:attachment":[{"href":"https:\/\/woods.se\/sv\/wp-json\/wp\/v2\/media?parent=46369"}],"wp:term":[{"taxonomy":"product_brand","embeddable":true,"href":"https:\/\/woods.se\/sv\/wp-json\/wp\/v2\/product_brand?post=46369"},{"taxonomy":"product_cat","embeddable":true,"href":"https:\/\/woods.se\/sv\/wp-json\/wp\/v2\/product_cat?post=46369"},{"taxonomy":"product_tag","embeddable":true,"href":"https:\/\/woods.se\/sv\/wp-json\/wp\/v2\/product_tag?post=46369"}],"curies":[{"name":"wp","href":"https:\/\/api.w.org\/{rel}","templated":true}]}}