{"id":46366,"date":"2024-12-11T10:48:30","date_gmt":"2024-12-11T09:48:30","guid":{"rendered":"https:\/\/stage.woods.se\/?post_type=product&#038;p=46366"},"modified":"2026-04-17T14:08:26","modified_gmt":"2026-04-17T12:08:26","slug":"woods-ac-cortina-12k-smart-home","status":"publish","type":"product","link":"https:\/\/woods.se\/sv\/produkter\/luftkonditionering\/for-vardagsrum-och-lagenheter\/woods-ac-cortina-12k-smart-home\/","title":{"rendered":"Wood\u2019s AC Cortina 12K Smart Home"},"content":{"rendered":"<h2>Wood&#8217;s AC Cortina 12K Smart Home<\/h2>\n<h3>Testvinnande portabel AC med h\u00f6g prestanda och smart styrning<\/h3>\n<p>Wood\u2019s AC Cortina 12K Smart Home \u00e4r en av de mest uppskattade portabla AC-enheterna i Norden och internationellt. Den har vid upprepade tillf\u00e4llen utsetts till b\u00e4st i test. Bland annat av tek.no. Med en kylkapacitet p\u00e5 12 000 BTU (3,5 kW) kyler den snabbt och effektivt rum upp till 35 m\u00b2, vilket g\u00f6r den perfekt f\u00f6r b\u00e5de hem och kontor. <\/p>\n<h3>Viktiga egenskaper:<\/h3>\n\n<h3>Effektiv kylning i hemmet och p\u00e5 kontoret<\/h3>\n<p><strong>Sovrum: <\/strong>Tyst drift och effektiv kyla ger en god natts s\u00f6mn \u00e4ven under varma n\u00e4tter.<br \/>\n<strong>Barnrum:<\/strong> Skapar en behaglig och stabil temperatur som ger tryggare inomhusmilj\u00f6.<br \/>\n<strong>Vardagsrum:<\/strong> Ger svalka \u00e5t hela familjen under heta sommardagar.<br \/>\n<strong>Kontor: <\/strong>F\u00f6rb\u00e4ttrar arbetsmilj\u00f6n och g\u00f6r det l\u00e4ttare att h\u00e5lla fokus \u00e4ven n\u00e4r temperaturen stiger.<\/p>\n<h3>Tyst och energieffektiv<\/h3>\n<p>Med sina tre fl\u00e4kthastigheter och en l\u00e5g ljudniv\u00e5 p\u00e5 endast 64 dB kan du enkelt anpassa kylningen efter dina behov &#8211; fr\u00e5n tyst drift i sovrummet till h\u00f6gre effekt under dagens varmaste timmar. Trots sin starka prestanda \u00e4r AC Cortina 12K Smart Home mycket energieffektiv med energiklass A, och den fungerar smidigt \u00e4ven vid temperaturer upp till 43 \u00b0C. <\/p>\n<h3>Smidig, smart och anv\u00e4ndarv\u00e4nlig<\/h3>\n<p>F\u00f6r extra bekv\u00e4mlighet \u00e4r den utrustad med WiFi\/Smart Home och kan styras via Wood&#8217;s Connect-appen och med Smart Home-l\u00f6sningar som Google Home och Alexa, s\u00e5 att du kan b\u00f6rja kyla innan du kommer hem och m\u00f6tas av ett behagligt inomhusklimat. Dessutom har den en digital peksk\u00e4rm, ett tv\u00e4ttbart filter, fj\u00e4rrkontroll och ett komplett f\u00f6nsterkit som g\u00f6r installationen enkel och bekv\u00e4m. Den har ocks\u00e5 hjul f\u00f6r enkel f\u00f6rflyttning av enheten dit du vill ha den. N\u00e4r du registrerar din produkt p\u00e5 <a href=\"https:\/\/warranty-woods.com\">warranty-woods.com<\/a> f\u00e5r du en f\u00f6rl\u00e4ngd garanti fr\u00e5n 2 till 3 \u00e5r.   <\/p>\n<p>V\u00e4lj Wood\u2019s AC Cortina 12K Smart Home, n\u00e4r du vill ha en testvinnande, smart och WiFi-styrd portabel luftkonditionering f\u00f6r hemmet eller arbetsplatsen.<\/p>\n","protected":false},"excerpt":{"rendered":"<p>Wood&#8217;s AC Cortina 12K Smart Home \u00e4r en testvinnande portabel luftkonditionering som har utsetts till b\u00e4st i test i m\u00e5nga l\u00e4nder. Med en kylkapacitet p\u00e5 12.000 BTU (3,5 kW) kyler den effektivt rum p\u00e5 upp till 35 m\u00b2. Den har tre fl\u00e4ktl\u00e4gen, ett luftfl\u00f6de p\u00e5 420 m\u00b3\/h och en l\u00e5g ljudniv\u00e5 p\u00e5 64 dB (h\u00f6gsta niv\u00e5n). Styrs enkelt via en digital peksk\u00e4rm, fj\u00e4rrkontroll eller Wood&#8217;s Connect-appen och Smart Home-l\u00f6sningar, s\u00e5 att du kan komma hem till ett behagligt klimat.   <\/p>\n","protected":false},"featured_media":45848,"template":"","meta":{"_acf_changed":false},"product_brand":[],"product_cat":[4898,4888,4885,334],"product_tag":[2747,2767,3074,3057,3073,367,365],"class_list":{"0":"post-46366","1":"product","2":"type-product","3":"status-publish","4":"has-post-thumbnail","6":"product_cat-foer-kontor","7":"product_cat-for-sovrum","8":"product_cat-for-vardagsrum-och-lagenheter","9":"product_cat-luftkonditionering","10":"product_tag-35-m-sv","11":"product_tag-bast-i-test","12":"product_tag-portabel-ac-for-kontor","13":"product_tag-portabel-ac-for-sovrum","14":"product_tag-portabel-ac-for-vardagsrum","15":"product_tag-smart-home-sv","16":"product_tag-wifi-sv","17":"splide__slide","19":"first","20":"outofstock","21":"taxable","22":"shipping-taxable","23":"product-type-simple"},"acf":[],"_links":{"self":[{"href":"https:\/\/woods.se\/sv\/wp-json\/wp\/v2\/product\/46366","targetHints":{"allow":["GET"]}}],"collection":[{"href":"https:\/\/woods.se\/sv\/wp-json\/wp\/v2\/product"}],"about":[{"href":"https:\/\/woods.se\/sv\/wp-json\/wp\/v2\/types\/product"}],"wp:featuredmedia":[{"embeddable":true,"href":"https:\/\/woods.se\/sv\/wp-json\/wp\/v2\/media\/45848"}],"wp:attachment":[{"href":"https:\/\/woods.se\/sv\/wp-json\/wp\/v2\/media?parent=46366"}],"wp:term":[{"taxonomy":"product_brand","embeddable":true,"href":"https:\/\/woods.se\/sv\/wp-json\/wp\/v2\/product_brand?post=46366"},{"taxonomy":"product_cat","embeddable":true,"href":"https:\/\/woods.se\/sv\/wp-json\/wp\/v2\/product_cat?post=46366"},{"taxonomy":"product_tag","embeddable":true,"href":"https:\/\/woods.se\/sv\/wp-json\/wp\/v2\/product_tag?post=46366"}],"curies":[{"name":"wp","href":"https:\/\/api.w.org\/{rel}","templated":true}]}}