{"id":46365,"date":"2024-12-10T15:10:15","date_gmt":"2024-12-10T14:10:15","guid":{"rendered":"https:\/\/stage.woods.se\/?post_type=product&#038;p=46365"},"modified":"2026-03-17T11:06:59","modified_gmt":"2026-03-17T10:06:59","slug":"woods-ac-cortina-9k-eco-a","status":"publish","type":"product","link":"https:\/\/woods.se\/sv\/produkter\/luftkonditionering\/for-vardagsrum-och-lagenheter\/woods-ac-cortina-9k-eco-a\/","title":{"rendered":"Wood\u2019s AC Cortina 9K Eco A+"},"content":{"rendered":"<h2>Wood&#8217;s AC Cortina 9K Eco A+<\/h2>\n<h3>Smidig, tyst och energieffektiv kyla<\/h3>\n<p>Wood\u2019s AC Cortina 9K Eco A+ kombinerar h\u00f6g prestanda med l\u00e5g energif\u00f6rbrukning. Med en kylkapacitet p\u00e5 9000 BTU (2,6 kW) kyler den snabbt rum upp till 26 m\u00b2, och tack vare energiklass A+ \u00e4r den mycket energieffektiv. Den fungerar i temperaturer upp till 43\u00b0C, vilket g\u00f6r den till en p\u00e5litlig l\u00f6sning \u00e4ven under extrem v\u00e4rme. De tre fl\u00e4ktl\u00e4gena g\u00f6r att du enkelt \u00e4ven justerar ljudniv\u00e5 efter behov.   <\/p>\n<h3>Viktiga egenskaper:<\/h3>\n\n<h3>Kyler hem och mindre kontor<\/h3>\n<p><strong>Sovrum: <\/strong>Den l\u00e5ga ljudniv\u00e5n och flera fl\u00e4ktl\u00e4gen g\u00f6r att du kan sova svalt och ost\u00f6rt.<br \/>\n<strong>Barnrum: <\/strong>Ger ett stabilt och behagligt inomhusklimat f\u00f6r barn under varma dagar.<br \/>\n<strong>Vardagsrum:<\/strong> Skapar en sval och trivsam milj\u00f6 f\u00f6r hela familjen.<br \/>\n<strong>Mindre kontor: <\/strong>Bidrar till en produktiv arbetsmilj\u00f6 genom att h\u00e5lla en j\u00e4mn temperatur \u00e4ven n\u00e4r utomhustemperaturen stiger.<\/p>\n<h3>Smidig och anv\u00e4ndarv\u00e4nlig<\/h3>\n<p>AC Cortina 9K Eco A+ \u00e4r enkel att flytta tack vare hjul och smidig att installera med det medf\u00f6ljande f\u00f6nsterkitet. Den digitala touch-panelen och fj\u00e4rrkontrollen g\u00f6r det enkelt att anpassa inst\u00e4llningarna efter behov. <\/p>\n<h3>Energieffektiv kylning<\/h3>\n<p>Med energiklass A+ f\u00e5r du en portabel AC som inte bara levererar kraftfull kyla utan ocks\u00e5 h\u00e5ller energif\u00f6rbrukningen nere. Det g\u00f6r Cortina 9K Eco A+ till ett milj\u00f6v\u00e4nligare och mer ekonomiskt val f\u00f6r b\u00e5de hem och kontor. <\/p>\n","protected":false},"excerpt":{"rendered":"<p>Wood\u2019s AC Cortina 9K Eco A+ \u00e4r en energieffektiv och smidig portabel AC med kylkapacitet p\u00e5 9000 BTU (2,6 kW). Den kyler snabbt rum upp till 26 m\u00b2 och har tre fl\u00e4ktl\u00e4gen samt ett luftfl\u00f6de p\u00e5 380 m\u00b3\/h. Perfekt f\u00f6r sovrum, barnrum, vardagsrum eller mindre kontor. Med energiklass A+ och funktion upp till 43\u00b0C \u00e4r den p\u00e5litlig \u00e4ven under \u00e5rets varmaste dagar. Enkel att anv\u00e4nda med digital touch-panel, fj\u00e4rrkontroll och f\u00f6nsterkit.    <\/p>\n","protected":false},"featured_media":45848,"template":"","meta":{"_acf_changed":false},"product_brand":[],"product_cat":[4898,4888,4885,334],"product_tag":[2759,3074,3057,3073],"class_list":{"0":"post-46365","1":"product","2":"type-product","3":"status-publish","4":"has-post-thumbnail","6":"product_cat-foer-kontor","7":"product_cat-for-sovrum","8":"product_cat-for-vardagsrum-och-lagenheter","9":"product_cat-luftkonditionering","10":"product_tag-26-m-sv","11":"product_tag-portabel-ac-for-kontor","12":"product_tag-portabel-ac-for-sovrum","13":"product_tag-portabel-ac-for-vardagsrum","14":"splide__slide","16":"first","17":"instock","18":"taxable","19":"shipping-taxable","20":"product-type-simple"},"acf":[],"_links":{"self":[{"href":"https:\/\/woods.se\/sv\/wp-json\/wp\/v2\/product\/46365","targetHints":{"allow":["GET"]}}],"collection":[{"href":"https:\/\/woods.se\/sv\/wp-json\/wp\/v2\/product"}],"about":[{"href":"https:\/\/woods.se\/sv\/wp-json\/wp\/v2\/types\/product"}],"wp:featuredmedia":[{"embeddable":true,"href":"https:\/\/woods.se\/sv\/wp-json\/wp\/v2\/media\/45848"}],"wp:attachment":[{"href":"https:\/\/woods.se\/sv\/wp-json\/wp\/v2\/media?parent=46365"}],"wp:term":[{"taxonomy":"product_brand","embeddable":true,"href":"https:\/\/woods.se\/sv\/wp-json\/wp\/v2\/product_brand?post=46365"},{"taxonomy":"product_cat","embeddable":true,"href":"https:\/\/woods.se\/sv\/wp-json\/wp\/v2\/product_cat?post=46365"},{"taxonomy":"product_tag","embeddable":true,"href":"https:\/\/woods.se\/sv\/wp-json\/wp\/v2\/product_tag?post=46365"}],"curies":[{"name":"wp","href":"https:\/\/api.w.org\/{rel}","templated":true}]}}